{"id":1538,"date":"2017-12-24T15:19:00","date_gmt":"2017-12-24T14:19:00","guid":{"rendered":"http:\/\/www.obermichelerhof.it\/?page_id=1538"},"modified":"2022-02-09T18:00:08","modified_gmt":"2022-02-09T17:00:08","slug":"colazione-fattoria","status":"publish","type":"page","link":"https:\/\/www.obermichelerhof.it\/it\/verano-appartamento\/colazione-fattoria\/","title":{"rendered":"Colazione della fattoria"},"content":{"rendered":"[vc_row type=&#8221;in_container&#8221; full_screen_row_position=&#8221;middle&#8221; column_margin=&#8221;default&#8221; column_direction=&#8221;default&#8221; column_direction_tablet=&#8221;default&#8221; column_direction_phone=&#8221;default&#8221; scene_position=&#8221;center&#8221; text_color=&#8221;dark&#8221; text_align=&#8221;left&#8221; row_border_radius=&#8221;none&#8221; row_border_radius_applies=&#8221;bg&#8221; overflow=&#8221;visible&#8221; overlay_strength=&#8221;0.3&#8243; gradient_direction=&#8221;left_to_right&#8221; shape_divider_position=&#8221;bottom&#8221; bg_image_animation=&#8221;none&#8221;][vc_column column_padding=&#8221;no-extra-padding&#8221; column_padding_tablet=&#8221;inherit&#8221; column_padding_phone=&#8221;inherit&#8221; column_padding_position=&#8221;all&#8221; column_element_spacing=&#8221;default&#8221; centered_text=&#8221;true&#8221; background_color_opacity=&#8221;1&#8243; background_hover_color_opacity=&#8221;1&#8243; column_shadow=&#8221;none&#8221; column_border_radius=&#8221;none&#8221; column_link_target=&#8221;_self&#8221; column_position=&#8221;default&#8221; gradient_direction=&#8221;left_to_right&#8221; overlay_strength=&#8221;0.3&#8243; width=&#8221;1\/1&#8243; tablet_width_inherit=&#8221;default&#8221; tablet_text_alignment=&#8221;default&#8221; phone_text_alignment=&#8221;default&#8221; animation_type=&#8221;default&#8221; bg_image_animation=&#8221;none&#8221; border_type=&#8221;simple&#8221; column_border_width=&#8221;none&#8221; column_border_style=&#8221;solid&#8221;][vc_column_text]\n<h1>Colazione del contadino<\/h1>\n<h2>Iniziare la giornata con i prodotti della fattoria coltivati con amore<\/h2>\n[\/vc_column_text][\/vc_column][\/vc_row][vc_row type=&#8221;in_container&#8221; full_screen_row_position=&#8221;middle&#8221; column_margin=&#8221;default&#8221; column_direction=&#8221;default&#8221; column_direction_tablet=&#8221;default&#8221; column_direction_phone=&#8221;default&#8221; scene_position=&#8221;center&#8221; text_color=&#8221;dark&#8221; text_align=&#8221;left&#8221; row_border_radius=&#8221;none&#8221; row_border_radius_applies=&#8221;bg&#8221; overflow=&#8221;visible&#8221; overlay_strength=&#8221;0.3&#8243; gradient_direction=&#8221;left_to_right&#8221; shape_divider_position=&#8221;bottom&#8221; bg_image_animation=&#8221;none&#8221;][vc_column column_padding=&#8221;no-extra-padding&#8221; column_padding_tablet=&#8221;inherit&#8221; column_padding_phone=&#8221;inherit&#8221; column_padding_position=&#8221;all&#8221; column_element_spacing=&#8221;default&#8221; background_color_opacity=&#8221;1&#8243; background_hover_color_opacity=&#8221;1&#8243; column_shadow=&#8221;none&#8221; column_border_radius=&#8221;none&#8221; column_link_target=&#8221;_self&#8221; column_position=&#8221;default&#8221; gradient_direction=&#8221;left_to_right&#8221; overlay_strength=&#8221;0.3&#8243; width=&#8221;1\/1&#8243; tablet_width_inherit=&#8221;default&#8221; tablet_text_alignment=&#8221;default&#8221; phone_text_alignment=&#8221;default&#8221; animation_type=&#8221;default&#8221; bg_image_animation=&#8221;none&#8221; border_type=&#8221;simple&#8221; column_border_width=&#8221;none&#8221; column_border_style=&#8221;solid&#8221;][vc_column_text]La giornata inizia al meglio con una buona colazione. Su richiesta, possiamo viziarvi ogni giorno con la nostra colazione del contadino. Potete scegliere a piacimento anche il cesto della colazione che desiderate ricevere nel vostro appartamento. Qui puoi dare un\u2019occhiata ai prodotti della nostra fattoria, alla colazione e alla tipica merenda altoatesina da noi disponibile![\/vc_column_text][\/vc_column][\/vc_row][vc_row type=&#8221;full_width_content&#8221; full_screen_row_position=&#8221;middle&#8221; column_margin=&#8221;default&#8221; equal_height=&#8221;yes&#8221; content_placement=&#8221;middle&#8221; column_direction=&#8221;default&#8221; column_direction_tablet=&#8221;default&#8221; column_direction_phone=&#8221;default&#8221; bg_color=&#8221;#ffffff&#8221; scene_position=&#8221;center&#8221; text_color=&#8221;dark&#8221; text_align=&#8221;left&#8221; row_border_radius=&#8221;none&#8221; row_border_radius_applies=&#8221;bg&#8221; overflow=&#8221;visible&#8221; overlay_strength=&#8221;0.3&#8243; gradient_direction=&#8221;left_to_right&#8221; shape_divider_position=&#8221;bottom&#8221; bg_image_animation=&#8221;none&#8221;][vc_column column_padding=&#8221;padding-3-percent&#8221; column_padding_tablet=&#8221;inherit&#8221; column_padding_phone=&#8221;inherit&#8221; column_padding_position=&#8221;all&#8221; column_element_spacing=&#8221;default&#8221; background_color=&#8221;#f4f4f4&#8243; background_color_opacity=&#8221;1&#8243; background_hover_color_opacity=&#8221;1&#8243; column_shadow=&#8221;none&#8221; column_border_radius=&#8221;none&#8221; column_link_target=&#8221;_self&#8221; column_position=&#8221;default&#8221; gradient_direction=&#8221;left_to_right&#8221; overlay_strength=&#8221;0.3&#8243; width=&#8221;1\/2&#8243; tablet_width_inherit=&#8221;default&#8221; tablet_text_alignment=&#8221;default&#8221; phone_text_alignment=&#8221;default&#8221; animation_type=&#8221;default&#8221; bg_image_animation=&#8221;none&#8221; border_type=&#8221;simple&#8221; column_border_width=&#8221;none&#8221; column_border_style=&#8221;solid&#8221;][vc_row_inner column_margin=&#8221;default&#8221; column_direction=&#8221;default&#8221; column_direction_tablet=&#8221;default&#8221; column_direction_phone=&#8221;default&#8221; text_align=&#8221;left&#8221; row_position=&#8221;default&#8221; row_position_tablet=&#8221;inherit&#8221; row_position_phone=&#8221;inherit&#8221; overflow=&#8221;visible&#8221; pointer_events=&#8221;all&#8221;][vc_column_inner column_padding=&#8221;no-extra-padding&#8221; column_padding_tablet=&#8221;inherit&#8221; column_padding_phone=&#8221;inherit&#8221; column_padding_position=&#8221;all&#8221; column_element_spacing=&#8221;default&#8221; background_color_opacity=&#8221;1&#8243; background_hover_color_opacity=&#8221;1&#8243; column_shadow=&#8221;none&#8221; column_border_radius=&#8221;none&#8221; column_link_target=&#8221;_self&#8221; gradient_direction=&#8221;left_to_right&#8221; overlay_strength=&#8221;0.3&#8243; width=&#8221;1\/1&#8243; tablet_width_inherit=&#8221;default&#8221; animation_type=&#8221;default&#8221; enable_animation=&#8221;true&#8221; animation=&#8221;fade-in-from-bottom&#8221; bg_image_animation=&#8221;none&#8221; border_type=&#8221;simple&#8221; column_border_width=&#8221;none&#8221; column_border_style=&#8221;solid&#8221;][vc_custom_heading text=&#8221;Colazione della fattoria&#8221; font_container=&#8221;tag:h2|font_size:34|text_align:left|line_height:50px&#8221; use_theme_fonts=&#8221;yes&#8221;][vc_custom_heading text=&#8221;Per iniziare con la carica giusta la giornata, siamo pronti a sedurti con una colazione del contadino ricca e salutare. Assapora i prodotti della nostra fattoria: latte fresco dalle nostre mucche, uova appena raccolte, marmellate e conserve preparate con la frutta di stagione, succhi fatti in casa (sambuco, melissa, menta), yogurt naturali e formaggi freschi fatti in casa, tisane alle erbe e prodotti freschi da forno.<\/p>\n<p>Il buffet della colazione include anche:<br \/>\nCaff\u00e8, t\u00e8, miele, succo di mela, diversi tipi di pane e panini, formaggi, insaccati della regione come lo speck, variet\u00e0 di M\u00fcsli, verdura fresca o insalata di stagione, burro e yogurt direttamente dalla latteria di Merano.<\/p>\n<p>Accomodati nell\u2019accogliente area colazione e lasciati sedurre. L\u2019orario della Colazione \u00e8 7:00-11:00 (tutto l&#8217;anno).<br \/>\nPer ogni colazione il supplemento \u00e8 di 17 Euro a persona al giorno.&#8221; font_container=&#8221;tag:p|text_align:left|color:%23000000&#8243; use_theme_fonts=&#8221;yes&#8221;][\/vc_column_inner][\/vc_row_inner][\/vc_column][vc_column column_padding=&#8221;no-extra-padding&#8221; column_padding_tablet=&#8221;inherit&#8221; column_padding_phone=&#8221;inherit&#8221; column_padding_position=&#8221;all&#8221; column_element_spacing=&#8221;default&#8221; background_color_opacity=&#8221;1&#8243; background_hover_color_opacity=&#8221;1&#8243; background_image=&#8221;1009&#8243; background_image_position=&#8221;center center&#8221; background_image_loading=&#8221;default&#8221; column_shadow=&#8221;none&#8221; column_border_radius=&#8221;none&#8221; column_link_target=&#8221;_self&#8221; column_position=&#8221;default&#8221; gradient_direction=&#8221;left_to_right&#8221; overlay_strength=&#8221;0.3&#8243; width=&#8221;1\/2&#8243; tablet_width_inherit=&#8221;default&#8221; tablet_text_alignment=&#8221;default&#8221; phone_text_alignment=&#8221;default&#8221; animation_type=&#8221;default&#8221; bg_image_animation=&#8221;none&#8221; border_type=&#8221;simple&#8221; column_border_width=&#8221;none&#8221; column_border_style=&#8221;solid&#8221; offset=&#8221;vc_hidden-sm vc_hidden-xs&#8221;][\/vc_column][\/vc_row][vc_row type=&#8221;full_width_content&#8221; full_screen_row_position=&#8221;middle&#8221; column_margin=&#8221;default&#8221; equal_height=&#8221;yes&#8221; content_placement=&#8221;middle&#8221; column_direction=&#8221;default&#8221; column_direction_tablet=&#8221;default&#8221; column_direction_phone=&#8221;default&#8221; scene_position=&#8221;center&#8221; text_color=&#8221;dark&#8221; text_align=&#8221;left&#8221; row_border_radius=&#8221;none&#8221; row_border_radius_applies=&#8221;bg&#8221; overflow=&#8221;visible&#8221; overlay_strength=&#8221;0.3&#8243; gradient_direction=&#8221;left_to_right&#8221; shape_divider_position=&#8221;bottom&#8221; bg_image_animation=&#8221;none&#8221;][vc_column column_padding=&#8221;no-extra-padding&#8221; column_padding_tablet=&#8221;inherit&#8221; column_padding_phone=&#8221;inherit&#8221; column_padding_position=&#8221;all&#8221; column_element_spacing=&#8221;default&#8221; background_color_opacity=&#8221;1&#8243; background_hover_color_opacity=&#8221;1&#8243; background_image=&#8221;1088&#8243; background_image_position=&#8221;center center&#8221; background_image_loading=&#8221;default&#8221; column_shadow=&#8221;none&#8221; column_border_radius=&#8221;none&#8221; column_link_target=&#8221;_self&#8221; column_position=&#8221;default&#8221; gradient_direction=&#8221;left_to_right&#8221; overlay_strength=&#8221;0.3&#8243; width=&#8221;1\/2&#8243; tablet_width_inherit=&#8221;default&#8221; tablet_text_alignment=&#8221;default&#8221; phone_text_alignment=&#8221;default&#8221; animation_type=&#8221;default&#8221; bg_image_animation=&#8221;none&#8221; border_type=&#8221;simple&#8221; column_border_width=&#8221;none&#8221; column_border_style=&#8221;solid&#8221;][vc_gallery type=&#8221;nectarslider_style&#8221; images=&#8221;2551,1799,2556&#8243; image_loading=&#8221;default&#8221; hide_arrow_navigation=&#8221;true&#8221; bullet_navigation=&#8221;true&#8221; bullet_navigation_style=&#8221;see_through&#8221; onclick=&#8221;link_no&#8221;][\/vc_column][vc_column column_padding=&#8221;padding-3-percent&#8221; column_padding_tablet=&#8221;inherit&#8221; column_padding_phone=&#8221;inherit&#8221; column_padding_position=&#8221;all&#8221; column_element_spacing=&#8221;default&#8221; background_color=&#8221;#ffffff&#8221; background_color_opacity=&#8221;1&#8243; background_hover_color_opacity=&#8221;1&#8243; column_shadow=&#8221;none&#8221; column_border_radius=&#8221;none&#8221; column_link_target=&#8221;_self&#8221; column_position=&#8221;default&#8221; gradient_direction=&#8221;left_to_right&#8221; overlay_strength=&#8221;0.3&#8243; width=&#8221;1\/2&#8243; tablet_width_inherit=&#8221;default&#8221; tablet_text_alignment=&#8221;default&#8221; phone_text_alignment=&#8221;default&#8221; animation_type=&#8221;default&#8221; bg_image_animation=&#8221;none&#8221; border_type=&#8221;simple&#8221; column_border_width=&#8221;none&#8221; column_border_style=&#8221;solid&#8221;][vc_row_inner column_margin=&#8221;default&#8221; column_direction=&#8221;default&#8221; column_direction_tablet=&#8221;default&#8221; column_direction_phone=&#8221;default&#8221; text_align=&#8221;left&#8221; row_position=&#8221;default&#8221; row_position_tablet=&#8221;inherit&#8221; row_position_phone=&#8221;inherit&#8221; overflow=&#8221;visible&#8221; pointer_events=&#8221;all&#8221;][vc_column_inner column_padding=&#8221;no-extra-padding&#8221; column_padding_tablet=&#8221;inherit&#8221; column_padding_phone=&#8221;inherit&#8221; column_padding_position=&#8221;all&#8221; column_element_spacing=&#8221;default&#8221; background_color_opacity=&#8221;1&#8243; background_hover_color_opacity=&#8221;1&#8243; column_shadow=&#8221;none&#8221; column_border_radius=&#8221;none&#8221; column_link_target=&#8221;_self&#8221; gradient_direction=&#8221;left_to_right&#8221; overlay_strength=&#8221;0.3&#8243; width=&#8221;1\/1&#8243; tablet_width_inherit=&#8221;default&#8221; animation_type=&#8221;default&#8221; enable_animation=&#8221;true&#8221; animation=&#8221;fade-in-from-bottom&#8221; bg_image_animation=&#8221;none&#8221; border_type=&#8221;simple&#8221; column_border_width=&#8221;none&#8221; column_border_style=&#8221;solid&#8221;][vc_custom_heading text=&#8221;Cesto della colazione&#8221; font_container=&#8221;tag:h2|font_size:34|text_align:left|line_height:50px&#8221; use_theme_fonts=&#8221;yes&#8221;][vc_custom_heading text=&#8221;Portiamo volentieri direttamente nella tua casa vacanze un cesto della colazione personalizzabile contenente prodotti della regione e della fattoria. Il cesto contiene: marmellate, burro, formaggio, speck, latte, uova, diversi tipi di panini e succo di frutta.<\/p>\n<p>Per il cestino della colazione secondo i vostri desideri, facciamo pagare i prodotti contenuti.&#8221; font_container=&#8221;tag:p|text_align:left|color:%23000000&#8243; use_theme_fonts=&#8221;yes&#8221;][\/vc_column_inner][\/vc_row_inner][\/vc_column][\/vc_row][vc_row type=&#8221;full_width_content&#8221; full_screen_row_position=&#8221;middle&#8221; column_margin=&#8221;default&#8221; equal_height=&#8221;yes&#8221; content_placement=&#8221;middle&#8221; column_direction=&#8221;default&#8221; column_direction_tablet=&#8221;default&#8221; column_direction_phone=&#8221;default&#8221; bg_color=&#8221;#ffffff&#8221; scene_position=&#8221;center&#8221; text_color=&#8221;dark&#8221; text_align=&#8221;left&#8221; row_border_radius=&#8221;none&#8221; row_border_radius_applies=&#8221;bg&#8221; overflow=&#8221;visible&#8221; overlay_strength=&#8221;0.3&#8243; gradient_direction=&#8221;left_to_right&#8221; shape_divider_position=&#8221;bottom&#8221; bg_image_animation=&#8221;none&#8221;][vc_column column_padding=&#8221;padding-3-percent&#8221; column_padding_tablet=&#8221;inherit&#8221; column_padding_phone=&#8221;inherit&#8221; column_padding_position=&#8221;all&#8221; column_element_spacing=&#8221;default&#8221; background_color=&#8221;#f4f4f4&#8243; background_color_opacity=&#8221;1&#8243; background_hover_color_opacity=&#8221;1&#8243; column_shadow=&#8221;none&#8221; column_border_radius=&#8221;none&#8221; column_link_target=&#8221;_self&#8221; column_position=&#8221;default&#8221; gradient_direction=&#8221;left_to_right&#8221; overlay_strength=&#8221;0.3&#8243; width=&#8221;1\/2&#8243; tablet_width_inherit=&#8221;default&#8221; tablet_text_alignment=&#8221;default&#8221; phone_text_alignment=&#8221;default&#8221; animation_type=&#8221;default&#8221; bg_image_animation=&#8221;none&#8221; border_type=&#8221;simple&#8221; column_border_width=&#8221;none&#8221; column_border_style=&#8221;solid&#8221;][vc_row_inner column_margin=&#8221;default&#8221; column_direction=&#8221;default&#8221; column_direction_tablet=&#8221;default&#8221; column_direction_phone=&#8221;default&#8221; text_align=&#8221;left&#8221; row_position=&#8221;default&#8221; row_position_tablet=&#8221;inherit&#8221; row_position_phone=&#8221;inherit&#8221; overflow=&#8221;visible&#8221; pointer_events=&#8221;all&#8221;][vc_column_inner column_padding=&#8221;no-extra-padding&#8221; column_padding_tablet=&#8221;inherit&#8221; column_padding_phone=&#8221;inherit&#8221; column_padding_position=&#8221;all&#8221; column_element_spacing=&#8221;default&#8221; background_color_opacity=&#8221;1&#8243; background_hover_color_opacity=&#8221;1&#8243; column_shadow=&#8221;none&#8221; column_border_radius=&#8221;none&#8221; column_link_target=&#8221;_self&#8221; gradient_direction=&#8221;left_to_right&#8221; overlay_strength=&#8221;0.3&#8243; width=&#8221;1\/1&#8243; tablet_width_inherit=&#8221;default&#8221; animation_type=&#8221;default&#8221; enable_animation=&#8221;true&#8221; animation=&#8221;fade-in-from-bottom&#8221; bg_image_animation=&#8221;none&#8221; border_type=&#8221;simple&#8221; column_border_width=&#8221;none&#8221; column_border_style=&#8221;solid&#8221;][vc_custom_heading text=&#8221;Pane fresco e Merenda altoatesina&#8221; font_container=&#8221;tag:h2|font_size:34|text_align:left|line_height:50px&#8221; use_theme_fonts=&#8221;yes&#8221;][vc_custom_heading text=&#8221;Ogni giorno ti offriamo anche del pane fresco.<\/p>\n<p>Su richiesta, posiamo preparare come si deve una tipica merenda altoatesina (S\u00fcdtiroler Bauernjause). In essa troverai: formaggio fresco fatto in casa, speck, uova, pane e, sempre in base al desiderio, succo di mele di montagna di Verano o latte delle nostre mucche.&#8221; font_container=&#8221;tag:p|text_align:left|color:%23000000&#8243; use_theme_fonts=&#8221;yes&#8221;][\/vc_column_inner][\/vc_row_inner][\/vc_column][vc_column column_padding=&#8221;no-extra-padding&#8221; column_padding_tablet=&#8221;inherit&#8221; column_padding_phone=&#8221;inherit&#8221; column_padding_position=&#8221;all&#8221; column_element_spacing=&#8221;default&#8221; background_color_opacity=&#8221;1&#8243; background_hover_color_opacity=&#8221;1&#8243; background_image=&#8221;1087&#8243; background_image_position=&#8221;center center&#8221; enable_bg_scale=&#8221;true&#8221; background_image_loading=&#8221;default&#8221; column_shadow=&#8221;none&#8221; column_border_radius=&#8221;none&#8221; column_link_target=&#8221;_self&#8221; column_position=&#8221;default&#8221; gradient_direction=&#8221;left_to_right&#8221; overlay_strength=&#8221;0.3&#8243; width=&#8221;1\/2&#8243; tablet_width_inherit=&#8221;default&#8221; tablet_text_alignment=&#8221;default&#8221; phone_text_alignment=&#8221;default&#8221; animation_type=&#8221;default&#8221; bg_image_animation=&#8221;none&#8221; border_type=&#8221;simple&#8221; column_border_width=&#8221;none&#8221; column_border_style=&#8221;solid&#8221;][\/vc_column][\/vc_row]\n","protected":false},"excerpt":{"rendered":"<p>[vc_row type=&#8221;in_container&#8221; full_screen_row_position=&#8221;middle&#8221; column_margin=&#8221;default&#8221; column_direction=&#8221;default&#8221; column_direction_tablet=&#8221;default&#8221; column_direction_phone=&#8221;default&#8221; scene_position=&#8221;center&#8221; text_color=&#8221;dark&#8221; text_align=&#8221;left&#8221; row_border_radius=&#8221;none&#8221; row_border_radius_applies=&#8221;bg&#8221; overflow=&#8221;visible&#8221; overlay_strength=&#8221;0.3&#8243; gradient_direction=&#8221;left_to_right&#8221;&#8230;<\/p>\n","protected":false},"author":1,"featured_media":0,"parent":1462,"menu_order":0,"comment_status":"closed","ping_status":"closed","template":"","meta":{"inline_featured_image":false,"footnotes":""},"class_list":["post-1538","page","type-page","status-publish"],"yoast_head":"<!-- This site is optimized with the Yoast SEO plugin v27.3 - https:\/\/yoast.com\/product\/yoast-seo-wordpress\/ -->\n<title>Prodotti tipici dell&#039;Alto Adige - Colazione al maso Obermicheler a Verano<\/title>\n<meta name=\"description\" content=\"Prodotti tipici dell&#039;Alto Adige: La giornata inizia al meglio con una buona colazione con prodotti fatto in casa. Al nostro maso Obermicheler a Verano vi viziamo ogni giorno con una colazione del contadino e con prodotti di produzione propria.\" \/>\n<meta name=\"robots\" content=\"index, follow, max-snippet:-1, max-image-preview:large, max-video-preview:-1\" \/>\n<link rel=\"canonical\" href=\"https:\/\/www.obermichelerhof.it\/it\/verano-appartamento\/colazione-fattoria\/\" \/>\n<meta property=\"og:locale\" content=\"it_IT\" \/>\n<meta property=\"og:type\" content=\"article\" \/>\n<meta property=\"og:title\" content=\"Prodotti tipici dell&#039;Alto Adige - Colazione al maso Obermicheler a Verano\" \/>\n<meta property=\"og:description\" content=\"Prodotti tipici dell&#039;Alto Adige: La giornata inizia al meglio con una buona colazione con prodotti fatto in casa. Al nostro maso Obermicheler a Verano vi viziamo ogni giorno con una colazione del contadino e con prodotti di produzione propria.\" \/>\n<meta property=\"og:url\" content=\"https:\/\/www.obermichelerhof.it\/it\/verano-appartamento\/colazione-fattoria\/\" \/>\n<meta property=\"og:site_name\" content=\"Obermichelerhof\" \/>\n<meta property=\"article:modified_time\" content=\"2022-02-09T17:00:08+00:00\" \/>\n<meta name=\"twitter:card\" content=\"summary_large_image\" \/>\n<meta name=\"twitter:label1\" content=\"Tempo di lettura stimato\" \/>\n\t<meta name=\"twitter:data1\" content=\"4 minuti\" \/>\n<script type=\"application\/ld+json\" class=\"yoast-schema-graph\">{\"@context\":\"https:\\\/\\\/schema.org\",\"@graph\":[{\"@type\":\"WebPage\",\"@id\":\"https:\\\/\\\/www.obermichelerhof.it\\\/it\\\/verano-appartamento\\\/colazione-fattoria\\\/\",\"url\":\"https:\\\/\\\/www.obermichelerhof.it\\\/it\\\/verano-appartamento\\\/colazione-fattoria\\\/\",\"name\":\"Prodotti tipici dell'Alto Adige - Colazione al maso Obermicheler a Verano\",\"isPartOf\":{\"@id\":\"https:\\\/\\\/www.obermichelerhof.it\\\/#website\"},\"datePublished\":\"2017-12-24T14:19:00+00:00\",\"dateModified\":\"2022-02-09T17:00:08+00:00\",\"description\":\"Prodotti tipici dell'Alto Adige: La giornata inizia al meglio con una buona colazione con prodotti fatto in casa. Al nostro maso Obermicheler a Verano vi viziamo ogni giorno con una colazione del contadino e con prodotti di produzione propria.\",\"breadcrumb\":{\"@id\":\"https:\\\/\\\/www.obermichelerhof.it\\\/it\\\/verano-appartamento\\\/colazione-fattoria\\\/#breadcrumb\"},\"inLanguage\":\"it-IT\",\"potentialAction\":[{\"@type\":\"ReadAction\",\"target\":[\"https:\\\/\\\/www.obermichelerhof.it\\\/it\\\/verano-appartamento\\\/colazione-fattoria\\\/\"]}]},{\"@type\":\"BreadcrumbList\",\"@id\":\"https:\\\/\\\/www.obermichelerhof.it\\\/it\\\/verano-appartamento\\\/colazione-fattoria\\\/#breadcrumb\",\"itemListElement\":[{\"@type\":\"ListItem\",\"position\":1,\"name\":\"Startseite\",\"item\":\"https:\\\/\\\/www.obermichelerhof.it\\\/it\\\/\"},{\"@type\":\"ListItem\",\"position\":2,\"name\":\"Alloggiare\",\"item\":\"https:\\\/\\\/www.obermichelerhof.it\\\/it\\\/verano-appartamento\\\/\"},{\"@type\":\"ListItem\",\"position\":3,\"name\":\"Colazione della fattoria\"}]},{\"@type\":\"WebSite\",\"@id\":\"https:\\\/\\\/www.obermichelerhof.it\\\/#website\",\"url\":\"https:\\\/\\\/www.obermichelerhof.it\\\/\",\"name\":\"Obermichelerhof\",\"description\":\"Obermichelerhof\",\"publisher\":{\"@id\":\"https:\\\/\\\/www.obermichelerhof.it\\\/#organization\"},\"potentialAction\":[{\"@type\":\"SearchAction\",\"target\":{\"@type\":\"EntryPoint\",\"urlTemplate\":\"https:\\\/\\\/www.obermichelerhof.it\\\/?s={search_term_string}\"},\"query-input\":{\"@type\":\"PropertyValueSpecification\",\"valueRequired\":true,\"valueName\":\"search_term_string\"}}],\"inLanguage\":\"it-IT\"},{\"@type\":\"Organization\",\"@id\":\"https:\\\/\\\/www.obermichelerhof.it\\\/#organization\",\"name\":\"Obermichelerhof des Innerhofer Konrad\",\"url\":\"https:\\\/\\\/www.obermichelerhof.it\\\/\",\"logo\":{\"@type\":\"ImageObject\",\"inLanguage\":\"it-IT\",\"@id\":\"https:\\\/\\\/www.obermichelerhof.it\\\/#\\\/schema\\\/logo\\\/image\\\/\",\"url\":\"https:\\\/\\\/www.obermichelerhof.it\\\/wp-content\\\/uploads\\\/2017\\\/11\\\/Logo_Obermichelerhof_Var2.png\",\"contentUrl\":\"https:\\\/\\\/www.obermichelerhof.it\\\/wp-content\\\/uploads\\\/2017\\\/11\\\/Logo_Obermichelerhof_Var2.png\",\"width\":1000,\"height\":638,\"caption\":\"Obermichelerhof des Innerhofer Konrad\"},\"image\":{\"@id\":\"https:\\\/\\\/www.obermichelerhof.it\\\/#\\\/schema\\\/logo\\\/image\\\/\"}}]}<\/script>\n<!-- \/ Yoast SEO plugin. -->","yoast_head_json":{"title":"Prodotti tipici dell'Alto Adige - Colazione al maso Obermicheler a Verano","description":"Prodotti tipici dell'Alto Adige: La giornata inizia al meglio con una buona colazione con prodotti fatto in casa. Al nostro maso Obermicheler a Verano vi viziamo ogni giorno con una colazione del contadino e con prodotti di produzione propria.","robots":{"index":"index","follow":"follow","max-snippet":"max-snippet:-1","max-image-preview":"max-image-preview:large","max-video-preview":"max-video-preview:-1"},"canonical":"https:\/\/www.obermichelerhof.it\/it\/verano-appartamento\/colazione-fattoria\/","og_locale":"it_IT","og_type":"article","og_title":"Prodotti tipici dell'Alto Adige - Colazione al maso Obermicheler a Verano","og_description":"Prodotti tipici dell'Alto Adige: La giornata inizia al meglio con una buona colazione con prodotti fatto in casa. Al nostro maso Obermicheler a Verano vi viziamo ogni giorno con una colazione del contadino e con prodotti di produzione propria.","og_url":"https:\/\/www.obermichelerhof.it\/it\/verano-appartamento\/colazione-fattoria\/","og_site_name":"Obermichelerhof","article_modified_time":"2022-02-09T17:00:08+00:00","twitter_card":"summary_large_image","twitter_misc":{"Tempo di lettura stimato":"4 minuti"},"schema":{"@context":"https:\/\/schema.org","@graph":[{"@type":"WebPage","@id":"https:\/\/www.obermichelerhof.it\/it\/verano-appartamento\/colazione-fattoria\/","url":"https:\/\/www.obermichelerhof.it\/it\/verano-appartamento\/colazione-fattoria\/","name":"Prodotti tipici dell'Alto Adige - Colazione al maso Obermicheler a Verano","isPartOf":{"@id":"https:\/\/www.obermichelerhof.it\/#website"},"datePublished":"2017-12-24T14:19:00+00:00","dateModified":"2022-02-09T17:00:08+00:00","description":"Prodotti tipici dell'Alto Adige: La giornata inizia al meglio con una buona colazione con prodotti fatto in casa. Al nostro maso Obermicheler a Verano vi viziamo ogni giorno con una colazione del contadino e con prodotti di produzione propria.","breadcrumb":{"@id":"https:\/\/www.obermichelerhof.it\/it\/verano-appartamento\/colazione-fattoria\/#breadcrumb"},"inLanguage":"it-IT","potentialAction":[{"@type":"ReadAction","target":["https:\/\/www.obermichelerhof.it\/it\/verano-appartamento\/colazione-fattoria\/"]}]},{"@type":"BreadcrumbList","@id":"https:\/\/www.obermichelerhof.it\/it\/verano-appartamento\/colazione-fattoria\/#breadcrumb","itemListElement":[{"@type":"ListItem","position":1,"name":"Startseite","item":"https:\/\/www.obermichelerhof.it\/it\/"},{"@type":"ListItem","position":2,"name":"Alloggiare","item":"https:\/\/www.obermichelerhof.it\/it\/verano-appartamento\/"},{"@type":"ListItem","position":3,"name":"Colazione della fattoria"}]},{"@type":"WebSite","@id":"https:\/\/www.obermichelerhof.it\/#website","url":"https:\/\/www.obermichelerhof.it\/","name":"Obermichelerhof","description":"Obermichelerhof","publisher":{"@id":"https:\/\/www.obermichelerhof.it\/#organization"},"potentialAction":[{"@type":"SearchAction","target":{"@type":"EntryPoint","urlTemplate":"https:\/\/www.obermichelerhof.it\/?s={search_term_string}"},"query-input":{"@type":"PropertyValueSpecification","valueRequired":true,"valueName":"search_term_string"}}],"inLanguage":"it-IT"},{"@type":"Organization","@id":"https:\/\/www.obermichelerhof.it\/#organization","name":"Obermichelerhof des Innerhofer Konrad","url":"https:\/\/www.obermichelerhof.it\/","logo":{"@type":"ImageObject","inLanguage":"it-IT","@id":"https:\/\/www.obermichelerhof.it\/#\/schema\/logo\/image\/","url":"https:\/\/www.obermichelerhof.it\/wp-content\/uploads\/2017\/11\/Logo_Obermichelerhof_Var2.png","contentUrl":"https:\/\/www.obermichelerhof.it\/wp-content\/uploads\/2017\/11\/Logo_Obermichelerhof_Var2.png","width":1000,"height":638,"caption":"Obermichelerhof des Innerhofer Konrad"},"image":{"@id":"https:\/\/www.obermichelerhof.it\/#\/schema\/logo\/image\/"}}]}},"_links":{"self":[{"href":"https:\/\/www.obermichelerhof.it\/it\/wp-json\/wp\/v2\/pages\/1538","targetHints":{"allow":["GET"]}}],"collection":[{"href":"https:\/\/www.obermichelerhof.it\/it\/wp-json\/wp\/v2\/pages"}],"about":[{"href":"https:\/\/www.obermichelerhof.it\/it\/wp-json\/wp\/v2\/types\/page"}],"author":[{"embeddable":true,"href":"https:\/\/www.obermichelerhof.it\/it\/wp-json\/wp\/v2\/users\/1"}],"replies":[{"embeddable":true,"href":"https:\/\/www.obermichelerhof.it\/it\/wp-json\/wp\/v2\/comments?post=1538"}],"version-history":[{"count":0,"href":"https:\/\/www.obermichelerhof.it\/it\/wp-json\/wp\/v2\/pages\/1538\/revisions"}],"up":[{"embeddable":true,"href":"https:\/\/www.obermichelerhof.it\/it\/wp-json\/wp\/v2\/pages\/1462"}],"wp:attachment":[{"href":"https:\/\/www.obermichelerhof.it\/it\/wp-json\/wp\/v2\/media?parent=1538"}],"curies":[{"name":"wp","href":"https:\/\/api.w.org\/{rel}","templated":true}]}}